{"id":291,"date":"2021-07-04T16:27:26","date_gmt":"2021-07-04T16:27:26","guid":{"rendered":"https:\/\/dreiweihern.ch\/?page_id=291"},"modified":"2024-02-26T17:27:57","modified_gmt":"2024-02-26T16:27:57","slug":"veranstaltungen","status":"publish","type":"page","link":"https:\/\/familientreff-sg.ch\/?page_id=291","title":{"rendered":"einzelne Anl\u00e4sse"},"content":{"rendered":"\n<hr class=\"wp-block-separator has-text-color has-vivid-red-color has-css-opacity has-vivid-red-background-color has-background\"\/>\n\n\n<div class=\"em em-view-container\" id=\"em-view-2100404169\" data-view=\"list-grouped\">\r\n\t<div class=\"em pixelbones em-list em-events-list em-events-list-grouped\" id=\"em-events-list-grouped-2100404169\">\r\n\t<h2>Mai 2026<\/h2><div class=\"em-event em-item \" style=\"--default-border:#_CATEGORYCOLOR;\">\n\t<div class=\"em-item-image \">\n\t\t\n\t\t<img src='https:\/\/familientreff-sg.ch\/wp-content\/uploads\/2023\/01\/IMG_7131.jpeg' alt='Kindertreff St.Georgen'\/>\n\t\t\n\t\t\n\t<\/div>\n\t<div class=\"em-item-info\">\n\t\t<h3 class=\"em-item-title\"><a href=\"https:\/\/familientreff-sg.ch\/?event=kindertreff-st-georgen-2026-05-06\">Kindertreff St.Georgen<\/a><\/h3>\n\t\t\n\t\t<div class=\"em-event-meta em-item-meta\">\n\t\t\t<div class=\"em-item-meta-line em-event-date em-event-meta-datetime\">\n\t\t\t\t<span class=\"em-icon-calendar em-icon\"><\/span>\n\t\t\t\t6. Mai 2026&nbsp;&nbsp;&nbsp;&nbsp;\n\t\t\t<\/div>\n\t\t\t<div class=\"em-item-meta-line em-event-time em-event-meta-datetime\">\n\t\t\t\t<span class=\"em-icon-clock em-icon\"><\/span>\n\t\t\t\t14:00 - 17:00\n\t\t\t<\/div>\n\t\t\t\n\t\t\t\n\t\t\t<div class=\"em-item-meta-line em-event-location\">\n\t\t\t\t<span class=\"em-icon-location em-icon\"><\/span>\n\t\t\t\t<a href=\"https:\/\/familientreff-sg.ch\/?location=kindertreff-st-georgen\">Kindertreff St.Georgen<\/a>\n\t\t\t<\/div>\n\t\t\t\n\t\t\t\n\t\t\t\n\t\t\t\n\t\t<\/div>\n\t\t<div class=\"em-item-desc\">\n\t\t\tchum und go wie du wilsch! Jeden Mittwoch von 14:00 bis 17:00 Uhr Programm 14.00 Uhr Tu\u0308r\u00f6ffnung Spiel- und Kreativzeit zwischendurch Zvieri 17.00 Uhr Tu\u0308rschliessung [...]\n\t\t<\/div>\n\t\t<div class=\"em-item-actions input\">\n\t\t\t<a class=\"em-item-read-more button\" href=\"https:\/\/familientreff-sg.ch\/?event=kindertreff-st-georgen-2026-05-06\">Weitere Informationen<\/a>\n\t\t\t\n\t\t<\/div>\n\t<\/div>\n<\/div><div class=\"em-event em-item \" style=\"--default-border:#_CATEGORYCOLOR;\">\n\t<div class=\"em-item-image \">\n\t\t\n\t\t<img src='https:\/\/familientreff-sg.ch\/wp-content\/uploads\/2026\/04\/Kinderbaustelle5.webp' alt='Werkabend auf der Kinderbaustelle St. Gallen'\/>\n\t\t\n\t\t\n\t<\/div>\n\t<div class=\"em-item-info\">\n\t\t<h3 class=\"em-item-title\"><a href=\"https:\/\/familientreff-sg.ch\/?event=werkabend-auf-der-kinderbaustelle-st-gallen\">Werkabend auf der Kinderbaustelle St. Gallen<\/a><\/h3>\n\t\t\n\t\t<div class=\"em-event-meta em-item-meta\">\n\t\t\t<div class=\"em-item-meta-line em-event-date em-event-meta-datetime\">\n\t\t\t\t<span class=\"em-icon-calendar em-icon\"><\/span>\n\t\t\t\t8. Mai 2026&nbsp;&nbsp;&nbsp;&nbsp;\n\t\t\t<\/div>\n\t\t\t<div class=\"em-item-meta-line em-event-time em-event-meta-datetime\">\n\t\t\t\t<span class=\"em-icon-clock em-icon\"><\/span>\n\t\t\t\t16:30 - 20:15\n\t\t\t<\/div>\n\t\t\t\n\t\t\t\n\t\t\t\n\t\t\t\n\t\t\t\n\t\t<\/div>\n\t\t<div class=\"em-item-desc\">\n\t\t\tEin Werkabend auf der Kinderbaustelle St. Gallen (St.Fiden) \u2013 exklusiv f\u00fcr den Familientreff St. Georgen Am 8. Mai h\u00e4mmern, s\u00e4gen und nageln wir gemeinsam auf [...]\n\t\t<\/div>\n\t\t<div class=\"em-item-actions input\">\n\t\t\t<a class=\"em-item-read-more button\" href=\"https:\/\/familientreff-sg.ch\/?event=werkabend-auf-der-kinderbaustelle-st-gallen\">Weitere Informationen<\/a>\n\t\t\t\n\t\t<\/div>\n\t<\/div>\n<\/div><div class=\"em-event em-item \" style=\"--default-border:#_CATEGORYCOLOR;\">\n\t<div class=\"em-item-image \">\n\t\t\n\t\t<img src='https:\/\/familientreff-sg.ch\/wp-content\/uploads\/2023\/01\/IMG_7131.jpeg' alt='Kindertreff St.Georgen'\/>\n\t\t\n\t\t\n\t<\/div>\n\t<div class=\"em-item-info\">\n\t\t<h3 class=\"em-item-title\"><a href=\"https:\/\/familientreff-sg.ch\/?event=kindertreff-st-georgen-2026-05-13\">Kindertreff St.Georgen<\/a><\/h3>\n\t\t\n\t\t<div class=\"em-event-meta em-item-meta\">\n\t\t\t<div class=\"em-item-meta-line em-event-date em-event-meta-datetime\">\n\t\t\t\t<span class=\"em-icon-calendar em-icon\"><\/span>\n\t\t\t\t13. Mai 2026&nbsp;&nbsp;&nbsp;&nbsp;\n\t\t\t<\/div>\n\t\t\t<div class=\"em-item-meta-line em-event-time em-event-meta-datetime\">\n\t\t\t\t<span class=\"em-icon-clock em-icon\"><\/span>\n\t\t\t\t14:00 - 17:00\n\t\t\t<\/div>\n\t\t\t\n\t\t\t\n\t\t\t<div class=\"em-item-meta-line em-event-location\">\n\t\t\t\t<span class=\"em-icon-location em-icon\"><\/span>\n\t\t\t\t<a href=\"https:\/\/familientreff-sg.ch\/?location=kindertreff-st-georgen\">Kindertreff St.Georgen<\/a>\n\t\t\t<\/div>\n\t\t\t\n\t\t\t\n\t\t\t\n\t\t\t\n\t\t<\/div>\n\t\t<div class=\"em-item-desc\">\n\t\t\tchum und go wie du wilsch! Jeden Mittwoch von 14:00 bis 17:00 Uhr Programm 14.00 Uhr Tu\u0308r\u00f6ffnung Spiel- und Kreativzeit zwischendurch Zvieri 17.00 Uhr Tu\u0308rschliessung [...]\n\t\t<\/div>\n\t\t<div class=\"em-item-actions input\">\n\t\t\t<a class=\"em-item-read-more button\" href=\"https:\/\/familientreff-sg.ch\/?event=kindertreff-st-georgen-2026-05-13\">Weitere Informationen<\/a>\n\t\t\t\n\t\t<\/div>\n\t<\/div>\n<\/div><div class=\"em-event em-item \" style=\"--default-border:#_CATEGORYCOLOR;\">\n\t<div class=\"em-item-image \">\n\t\t\n\t\t<img src='https:\/\/familientreff-sg.ch\/wp-content\/uploads\/2023\/01\/IMG_7131.jpeg' alt='Kindertreff St.Georgen'\/>\n\t\t\n\t\t\n\t<\/div>\n\t<div class=\"em-item-info\">\n\t\t<h3 class=\"em-item-title\"><a href=\"https:\/\/familientreff-sg.ch\/?event=kindertreff-st-georgen-2026-05-20\">Kindertreff St.Georgen<\/a><\/h3>\n\t\t\n\t\t<div class=\"em-event-meta em-item-meta\">\n\t\t\t<div class=\"em-item-meta-line em-event-date em-event-meta-datetime\">\n\t\t\t\t<span class=\"em-icon-calendar em-icon\"><\/span>\n\t\t\t\t20. Mai 2026&nbsp;&nbsp;&nbsp;&nbsp;\n\t\t\t<\/div>\n\t\t\t<div class=\"em-item-meta-line em-event-time em-event-meta-datetime\">\n\t\t\t\t<span class=\"em-icon-clock em-icon\"><\/span>\n\t\t\t\t14:00 - 17:00\n\t\t\t<\/div>\n\t\t\t\n\t\t\t\n\t\t\t<div class=\"em-item-meta-line em-event-location\">\n\t\t\t\t<span class=\"em-icon-location em-icon\"><\/span>\n\t\t\t\t<a href=\"https:\/\/familientreff-sg.ch\/?location=kindertreff-st-georgen\">Kindertreff St.Georgen<\/a>\n\t\t\t<\/div>\n\t\t\t\n\t\t\t\n\t\t\t\n\t\t\t\n\t\t<\/div>\n\t\t<div class=\"em-item-desc\">\n\t\t\tchum und go wie du wilsch! Jeden Mittwoch von 14:00 bis 17:00 Uhr Programm 14.00 Uhr Tu\u0308r\u00f6ffnung Spiel- und Kreativzeit zwischendurch Zvieri 17.00 Uhr Tu\u0308rschliessung [...]\n\t\t<\/div>\n\t\t<div class=\"em-item-actions input\">\n\t\t\t<a class=\"em-item-read-more button\" href=\"https:\/\/familientreff-sg.ch\/?event=kindertreff-st-georgen-2026-05-20\">Weitere Informationen<\/a>\n\t\t\t\n\t\t<\/div>\n\t<\/div>\n<\/div><div class=\"em-event em-item \" style=\"--default-border:#_CATEGORYCOLOR;\">\n\t<div class=\"em-item-image \">\n\t\t\n\t\t<img src='https:\/\/familientreff-sg.ch\/wp-content\/uploads\/2023\/01\/IMG_7131.jpeg' alt='Kindertreff St.Georgen'\/>\n\t\t\n\t\t\n\t<\/div>\n\t<div class=\"em-item-info\">\n\t\t<h3 class=\"em-item-title\"><a href=\"https:\/\/familientreff-sg.ch\/?event=kindertreff-st-georgen-2026-05-27\">Kindertreff St.Georgen<\/a><\/h3>\n\t\t\n\t\t<div class=\"em-event-meta em-item-meta\">\n\t\t\t<div class=\"em-item-meta-line em-event-date em-event-meta-datetime\">\n\t\t\t\t<span class=\"em-icon-calendar em-icon\"><\/span>\n\t\t\t\t27. Mai 2026&nbsp;&nbsp;&nbsp;&nbsp;\n\t\t\t<\/div>\n\t\t\t<div class=\"em-item-meta-line em-event-time em-event-meta-datetime\">\n\t\t\t\t<span class=\"em-icon-clock em-icon\"><\/span>\n\t\t\t\t14:00 - 17:00\n\t\t\t<\/div>\n\t\t\t\n\t\t\t\n\t\t\t<div class=\"em-item-meta-line em-event-location\">\n\t\t\t\t<span class=\"em-icon-location em-icon\"><\/span>\n\t\t\t\t<a href=\"https:\/\/familientreff-sg.ch\/?location=kindertreff-st-georgen\">Kindertreff St.Georgen<\/a>\n\t\t\t<\/div>\n\t\t\t\n\t\t\t\n\t\t\t\n\t\t\t\n\t\t<\/div>\n\t\t<div class=\"em-item-desc\">\n\t\t\tchum und go wie du wilsch! Jeden Mittwoch von 14:00 bis 17:00 Uhr Programm 14.00 Uhr Tu\u0308r\u00f6ffnung Spiel- und Kreativzeit zwischendurch Zvieri 17.00 Uhr Tu\u0308rschliessung [...]\n\t\t<\/div>\n\t\t<div class=\"em-item-actions input\">\n\t\t\t<a class=\"em-item-read-more button\" href=\"https:\/\/familientreff-sg.ch\/?event=kindertreff-st-georgen-2026-05-27\">Weitere Informationen<\/a>\n\t\t\t\n\t\t<\/div>\n\t<\/div>\n<\/div><h2>Juni 2026<\/h2><div class=\"em-event em-item \" style=\"--default-border:#_CATEGORYCOLOR;\">\n\t<div class=\"em-item-image \">\n\t\t\n\t\t<img src='https:\/\/familientreff-sg.ch\/wp-content\/uploads\/2023\/01\/IMG_7131.jpeg' alt='Kindertreff St.Georgen'\/>\n\t\t\n\t\t\n\t<\/div>\n\t<div class=\"em-item-info\">\n\t\t<h3 class=\"em-item-title\"><a href=\"https:\/\/familientreff-sg.ch\/?event=kindertreff-st-georgen-2026-06-03\">Kindertreff St.Georgen<\/a><\/h3>\n\t\t\n\t\t<div class=\"em-event-meta em-item-meta\">\n\t\t\t<div class=\"em-item-meta-line em-event-date em-event-meta-datetime\">\n\t\t\t\t<span class=\"em-icon-calendar em-icon\"><\/span>\n\t\t\t\t3. Juni 2026&nbsp;&nbsp;&nbsp;&nbsp;\n\t\t\t<\/div>\n\t\t\t<div class=\"em-item-meta-line em-event-time em-event-meta-datetime\">\n\t\t\t\t<span class=\"em-icon-clock em-icon\"><\/span>\n\t\t\t\t14:00 - 17:00\n\t\t\t<\/div>\n\t\t\t\n\t\t\t\n\t\t\t<div class=\"em-item-meta-line em-event-location\">\n\t\t\t\t<span class=\"em-icon-location em-icon\"><\/span>\n\t\t\t\t<a href=\"https:\/\/familientreff-sg.ch\/?location=kindertreff-st-georgen\">Kindertreff St.Georgen<\/a>\n\t\t\t<\/div>\n\t\t\t\n\t\t\t\n\t\t\t\n\t\t\t\n\t\t<\/div>\n\t\t<div class=\"em-item-desc\">\n\t\t\tchum und go wie du wilsch! Jeden Mittwoch von 14:00 bis 17:00 Uhr Programm 14.00 Uhr Tu\u0308r\u00f6ffnung Spiel- und Kreativzeit zwischendurch Zvieri 17.00 Uhr Tu\u0308rschliessung [...]\n\t\t<\/div>\n\t\t<div class=\"em-item-actions input\">\n\t\t\t<a class=\"em-item-read-more button\" href=\"https:\/\/familientreff-sg.ch\/?event=kindertreff-st-georgen-2026-06-03\">Weitere Informationen<\/a>\n\t\t\t\n\t\t<\/div>\n\t<\/div>\n<\/div><div class=\"em-event em-item \" style=\"--default-border:#_CATEGORYCOLOR;\">\n\t<div class=\"em-item-image \">\n\t\t\n\t\t<img src='https:\/\/familientreff-sg.ch\/wp-content\/uploads\/2022\/06\/Ringelberg-GD.png' alt='\u00d6kumenischer Gartengottesdienst'\/>\n\t\t\n\t\t\n\t<\/div>\n\t<div class=\"em-item-info\">\n\t\t<h3 class=\"em-item-title\"><a href=\"https:\/\/familientreff-sg.ch\/?event=oekumenischer-freudenberggottesdienst-2\">\u00d6kumenischer Gartengottesdienst<\/a><\/h3>\n\t\t\n\t\t<div class=\"em-event-meta em-item-meta\">\n\t\t\t<div class=\"em-item-meta-line em-event-date em-event-meta-datetime\">\n\t\t\t\t<span class=\"em-icon-calendar em-icon\"><\/span>\n\t\t\t\t7. Juni 2026&nbsp;&nbsp;&nbsp;&nbsp;\n\t\t\t<\/div>\n\t\t\t<div class=\"em-item-meta-line em-event-time em-event-meta-datetime\">\n\t\t\t\t<span class=\"em-icon-clock em-icon\"><\/span>\n\t\t\t\t10:00 - 12:00\n\t\t\t<\/div>\n\t\t\t\n\t\t\t\n\t\t\t<div class=\"em-item-meta-line em-event-location\">\n\t\t\t\t<span class=\"em-icon-location em-icon\"><\/span>\n\t\t\t\t<a href=\"https:\/\/familientreff-sg.ch\/?location=evangelisch-reformierte-kirchgemeindehaus\">Evangelisch-reformierte Kirchgemeindehaus<\/a>\n\t\t\t<\/div>\n\t\t\t\n\t\t\t\n\t\t\t\n\t\t\t\n\t\t<\/div>\n\t\t<div class=\"em-item-desc\">\n\t\t\tGottesdienst mit Kinderkirche Ort: im Garten des Evangelisches Kirchgemeindehaus, St. Georgen Zeit: 10 Uhr Mitgestaltet durch: Sch\u00fcler und Sch\u00fclerinnen, Musikgesellschaft St. Georgen.&nbsp; Anschliessend: Spiele f\u00fcr [...]\n\t\t<\/div>\n\t\t<div class=\"em-item-actions input\">\n\t\t\t<a class=\"em-item-read-more button\" href=\"https:\/\/familientreff-sg.ch\/?event=oekumenischer-freudenberggottesdienst-2\">Weitere Informationen<\/a>\n\t\t\t\n\t\t<\/div>\n\t<\/div>\n<\/div><div class=\"em-event em-item \" style=\"--default-border:#_CATEGORYCOLOR;\">\n\t<div class=\"em-item-image \">\n\t\t\n\t\t<img src='https:\/\/familientreff-sg.ch\/wp-content\/uploads\/2023\/01\/IMG_7131.jpeg' alt='Kindertreff St.Georgen'\/>\n\t\t\n\t\t\n\t<\/div>\n\t<div class=\"em-item-info\">\n\t\t<h3 class=\"em-item-title\"><a href=\"https:\/\/familientreff-sg.ch\/?event=kindertreff-st-georgen-2026-06-10\">Kindertreff St.Georgen<\/a><\/h3>\n\t\t\n\t\t<div class=\"em-event-meta em-item-meta\">\n\t\t\t<div class=\"em-item-meta-line em-event-date em-event-meta-datetime\">\n\t\t\t\t<span class=\"em-icon-calendar em-icon\"><\/span>\n\t\t\t\t10. Juni 2026&nbsp;&nbsp;&nbsp;&nbsp;\n\t\t\t<\/div>\n\t\t\t<div class=\"em-item-meta-line em-event-time em-event-meta-datetime\">\n\t\t\t\t<span class=\"em-icon-clock em-icon\"><\/span>\n\t\t\t\t14:00 - 17:00\n\t\t\t<\/div>\n\t\t\t\n\t\t\t\n\t\t\t<div class=\"em-item-meta-line em-event-location\">\n\t\t\t\t<span class=\"em-icon-location em-icon\"><\/span>\n\t\t\t\t<a href=\"https:\/\/familientreff-sg.ch\/?location=kindertreff-st-georgen\">Kindertreff St.Georgen<\/a>\n\t\t\t<\/div>\n\t\t\t\n\t\t\t\n\t\t\t\n\t\t\t\n\t\t<\/div>\n\t\t<div class=\"em-item-desc\">\n\t\t\tchum und go wie du wilsch! Jeden Mittwoch von 14:00 bis 17:00 Uhr Programm 14.00 Uhr Tu\u0308r\u00f6ffnung Spiel- und Kreativzeit zwischendurch Zvieri 17.00 Uhr Tu\u0308rschliessung [...]\n\t\t<\/div>\n\t\t<div class=\"em-item-actions input\">\n\t\t\t<a class=\"em-item-read-more button\" href=\"https:\/\/familientreff-sg.ch\/?event=kindertreff-st-georgen-2026-06-10\">Weitere Informationen<\/a>\n\t\t\t\n\t\t<\/div>\n\t<\/div>\n<\/div><div class=\"em-event em-item \" style=\"--default-border:#_CATEGORYCOLOR;\">\n\t<div class=\"em-item-image \">\n\t\t\n\t\t<img src='https:\/\/familientreff-sg.ch\/wp-content\/uploads\/2024\/08\/KircheKunterbunt_Logo_hp_2.png' alt='Kirche Kunterbunt'\/>\n\t\t\n\t\t\n\t<\/div>\n\t<div class=\"em-item-info\">\n\t\t<h3 class=\"em-item-title\"><a href=\"https:\/\/familientreff-sg.ch\/?event=kirche-kunterbunt-6\">Kirche Kunterbunt<\/a><\/h3>\n\t\t\n\t\t<div class=\"em-event-meta em-item-meta\">\n\t\t\t<div class=\"em-item-meta-line em-event-date em-event-meta-datetime\">\n\t\t\t\t<span class=\"em-icon-calendar em-icon\"><\/span>\n\t\t\t\t13. Juni 2026&nbsp;&nbsp;&nbsp;&nbsp;\n\t\t\t<\/div>\n\t\t\t<div class=\"em-item-meta-line em-event-time em-event-meta-datetime\">\n\t\t\t\t<span class=\"em-icon-clock em-icon\"><\/span>\n\t\t\t\t09:30 - 13:30\n\t\t\t<\/div>\n\t\t\t\n\t\t\t\n\t\t\t<div class=\"em-item-meta-line em-event-location\">\n\t\t\t\t<span class=\"em-icon-location em-icon\"><\/span>\n\t\t\t\t<a href=\"https:\/\/familientreff-sg.ch\/?location=domzentrum-st-gallen\">DomZentrum St.Gallen<\/a>\n\t\t\t<\/div>\n\t\t\t\n\t\t\t\n\t\t\t\n\t\t\t\n\t\t<\/div>\n\t\t<div class=\"em-item-desc\">\n\t\t\tf\u00fcr Eltern und ihre Kinder, oder Familienmitglieder flexible Startzeit zwischen &nbsp;9.30 und 10 Uhr Ende um ca.13.30 Uhr Treffpunkt: Pfarreiheim Dom, Gallusstrasse 34, St.Gallen Empfohlen [...]\n\t\t<\/div>\n\t\t<div class=\"em-item-actions input\">\n\t\t\t<a class=\"em-item-read-more button\" href=\"https:\/\/familientreff-sg.ch\/?event=kirche-kunterbunt-6\">Weitere Informationen<\/a>\n\t\t\t\n\t\t<\/div>\n\t<\/div>\n<\/div><div class=\"em-event em-item \" style=\"--default-border:#_CATEGORYCOLOR;\">\n\t<div class=\"em-item-image \">\n\t\t\n\t\t<img src='https:\/\/familientreff-sg.ch\/wp-content\/uploads\/2023\/01\/IMG_7131.jpeg' alt='Kindertreff St.Georgen'\/>\n\t\t\n\t\t\n\t<\/div>\n\t<div class=\"em-item-info\">\n\t\t<h3 class=\"em-item-title\"><a href=\"https:\/\/familientreff-sg.ch\/?event=kindertreff-st-georgen-2026-06-17\">Kindertreff St.Georgen<\/a><\/h3>\n\t\t\n\t\t<div class=\"em-event-meta em-item-meta\">\n\t\t\t<div class=\"em-item-meta-line em-event-date em-event-meta-datetime\">\n\t\t\t\t<span class=\"em-icon-calendar em-icon\"><\/span>\n\t\t\t\t17. Juni 2026&nbsp;&nbsp;&nbsp;&nbsp;\n\t\t\t<\/div>\n\t\t\t<div class=\"em-item-meta-line em-event-time em-event-meta-datetime\">\n\t\t\t\t<span class=\"em-icon-clock em-icon\"><\/span>\n\t\t\t\t14:00 - 17:00\n\t\t\t<\/div>\n\t\t\t\n\t\t\t\n\t\t\t<div class=\"em-item-meta-line em-event-location\">\n\t\t\t\t<span class=\"em-icon-location em-icon\"><\/span>\n\t\t\t\t<a href=\"https:\/\/familientreff-sg.ch\/?location=kindertreff-st-georgen\">Kindertreff St.Georgen<\/a>\n\t\t\t<\/div>\n\t\t\t\n\t\t\t\n\t\t\t\n\t\t\t\n\t\t<\/div>\n\t\t<div class=\"em-item-desc\">\n\t\t\tchum und go wie du wilsch! Jeden Mittwoch von 14:00 bis 17:00 Uhr Programm 14.00 Uhr Tu\u0308r\u00f6ffnung Spiel- und Kreativzeit zwischendurch Zvieri 17.00 Uhr Tu\u0308rschliessung [...]\n\t\t<\/div>\n\t\t<div class=\"em-item-actions input\">\n\t\t\t<a class=\"em-item-read-more button\" href=\"https:\/\/familientreff-sg.ch\/?event=kindertreff-st-georgen-2026-06-17\">Weitere Informationen<\/a>\n\t\t\t\n\t\t<\/div>\n\t<\/div>\n<\/div><div class=\"em-event em-item \" style=\"--default-border:#_CATEGORYCOLOR;\">\n\t<div class=\"em-item-image \">\n\t\t\n\t\t<img src='https:\/\/familientreff-sg.ch\/wp-content\/uploads\/2023\/01\/IMG_7131.jpeg' alt='Kindertreff St.Georgen'\/>\n\t\t\n\t\t\n\t<\/div>\n\t<div class=\"em-item-info\">\n\t\t<h3 class=\"em-item-title\"><a href=\"https:\/\/familientreff-sg.ch\/?event=kindertreff-st-georgen-2026-06-24\">Kindertreff St.Georgen<\/a><\/h3>\n\t\t\n\t\t<div class=\"em-event-meta em-item-meta\">\n\t\t\t<div class=\"em-item-meta-line em-event-date em-event-meta-datetime\">\n\t\t\t\t<span class=\"em-icon-calendar em-icon\"><\/span>\n\t\t\t\t24. Juni 2026&nbsp;&nbsp;&nbsp;&nbsp;\n\t\t\t<\/div>\n\t\t\t<div class=\"em-item-meta-line em-event-time em-event-meta-datetime\">\n\t\t\t\t<span class=\"em-icon-clock em-icon\"><\/span>\n\t\t\t\t14:00 - 17:00\n\t\t\t<\/div>\n\t\t\t\n\t\t\t\n\t\t\t<div class=\"em-item-meta-line em-event-location\">\n\t\t\t\t<span class=\"em-icon-location em-icon\"><\/span>\n\t\t\t\t<a href=\"https:\/\/familientreff-sg.ch\/?location=kindertreff-st-georgen\">Kindertreff St.Georgen<\/a>\n\t\t\t<\/div>\n\t\t\t\n\t\t\t\n\t\t\t\n\t\t\t\n\t\t<\/div>\n\t\t<div class=\"em-item-desc\">\n\t\t\tchum und go wie du wilsch! Jeden Mittwoch von 14:00 bis 17:00 Uhr Programm 14.00 Uhr Tu\u0308r\u00f6ffnung Spiel- und Kreativzeit zwischendurch Zvieri 17.00 Uhr Tu\u0308rschliessung [...]\n\t\t<\/div>\n\t\t<div class=\"em-item-actions input\">\n\t\t\t<a class=\"em-item-read-more button\" href=\"https:\/\/familientreff-sg.ch\/?event=kindertreff-st-georgen-2026-06-24\">Weitere Informationen<\/a>\n\t\t\t\n\t\t<\/div>\n\t<\/div>\n<\/div><h2>Juli 2026<\/h2><div class=\"em-event em-item \" style=\"--default-border:#_CATEGORYCOLOR;\">\n\t<div class=\"em-item-image \">\n\t\t\n\t\t<img src='https:\/\/familientreff-sg.ch\/wp-content\/uploads\/2023\/01\/IMG_7131.jpeg' alt='Kindertreff St.Georgen'\/>\n\t\t\n\t\t\n\t<\/div>\n\t<div class=\"em-item-info\">\n\t\t<h3 class=\"em-item-title\"><a href=\"https:\/\/familientreff-sg.ch\/?event=kindertreff-st-georgen-2026-07-01\">Kindertreff St.Georgen<\/a><\/h3>\n\t\t\n\t\t<div class=\"em-event-meta em-item-meta\">\n\t\t\t<div class=\"em-item-meta-line em-event-date em-event-meta-datetime\">\n\t\t\t\t<span class=\"em-icon-calendar em-icon\"><\/span>\n\t\t\t\t1. Juli 2026&nbsp;&nbsp;&nbsp;&nbsp;\n\t\t\t<\/div>\n\t\t\t<div class=\"em-item-meta-line em-event-time em-event-meta-datetime\">\n\t\t\t\t<span class=\"em-icon-clock em-icon\"><\/span>\n\t\t\t\t14:00 - 17:00\n\t\t\t<\/div>\n\t\t\t\n\t\t\t\n\t\t\t<div class=\"em-item-meta-line em-event-location\">\n\t\t\t\t<span class=\"em-icon-location em-icon\"><\/span>\n\t\t\t\t<a href=\"https:\/\/familientreff-sg.ch\/?location=kindertreff-st-georgen\">Kindertreff St.Georgen<\/a>\n\t\t\t<\/div>\n\t\t\t\n\t\t\t\n\t\t\t\n\t\t\t\n\t\t<\/div>\n\t\t<div class=\"em-item-desc\">\n\t\t\tchum und go wie du wilsch! Jeden Mittwoch von 14:00 bis 17:00 Uhr Programm 14.00 Uhr Tu\u0308r\u00f6ffnung Spiel- und Kreativzeit zwischendurch Zvieri 17.00 Uhr Tu\u0308rschliessung [...]\n\t\t<\/div>\n\t\t<div class=\"em-item-actions input\">\n\t\t\t<a class=\"em-item-read-more button\" href=\"https:\/\/familientreff-sg.ch\/?event=kindertreff-st-georgen-2026-07-01\">Weitere Informationen<\/a>\n\t\t\t\n\t\t<\/div>\n\t<\/div>\n<\/div><h2>August 2026<\/h2><div class=\"em-event em-item \" style=\"--default-border:#_CATEGORYCOLOR;\">\n\t<div class=\"em-item-image \">\n\t\t\n\t\t<img src='https:\/\/familientreff-sg.ch\/wp-content\/uploads\/2023\/07\/Vollversammlung_Familientreff_13.8.26-scaled.jpg' alt='Treff f\u00fcr neue Anl\u00e4sse und Austausch'\/>\n\t\t\n\t\t\n\t<\/div>\n\t<div class=\"em-item-info\">\n\t\t<h3 class=\"em-item-title\"><a href=\"https:\/\/familientreff-sg.ch\/?event=treff-fuer-neue-anlaesse-und-austausch-2\">Treff f\u00fcr neue Anl\u00e4sse und Austausch<\/a><\/h3>\n\t\t\n\t\t<div class=\"em-event-meta em-item-meta\">\n\t\t\t<div class=\"em-item-meta-line em-event-date em-event-meta-datetime\">\n\t\t\t\t<span class=\"em-icon-calendar em-icon\"><\/span>\n\t\t\t\t13. August 2026&nbsp;&nbsp;&nbsp;&nbsp;\n\t\t\t<\/div>\n\t\t\t<div class=\"em-item-meta-line em-event-time em-event-meta-datetime\">\n\t\t\t\t<span class=\"em-icon-clock em-icon\"><\/span>\n\t\t\t\t20:00 - 21:00\n\t\t\t<\/div>\n\t\t\t\n\t\t\t\n\t\t\t<div class=\"em-item-meta-line em-event-location\">\n\t\t\t\t<span class=\"em-icon-location em-icon\"><\/span>\n\t\t\t\t<a href=\"https:\/\/familientreff-sg.ch\/?location=kath-pfarramt-st-georgen\">Kath. Pfarramt St.Georgen<\/a>\n\t\t\t<\/div>\n\t\t\t\n\t\t\t\n\t\t\t\n\t\t\t\n\t\t<\/div>\n\t\t<div class=\"em-item-desc\">\n\t\t\tHast du Fragen, Anliegen, Ideen oder Vorschl\u00e4ge f\u00fcr Frauen-, M\u00e4nner-, Familien- oder Kinderanl\u00e4sse? Oder m\u00f6chtest du unser Team kennenlernen und dich austauschen? Dann komm, schau [...]\n\t\t<\/div>\n\t\t<div class=\"em-item-actions input\">\n\t\t\t<a class=\"em-item-read-more button\" href=\"https:\/\/familientreff-sg.ch\/?event=treff-fuer-neue-anlaesse-und-austausch-2\">Weitere Informationen<\/a>\n\t\t\t\n\t\t<\/div>\n\t<\/div>\n<\/div><div class=\"em-event em-item \" style=\"--default-border:#_CATEGORYCOLOR;\">\n\t<div class=\"em-item-image \">\n\t\t\n\t\t<img src='https:\/\/familientreff-sg.ch\/wp-content\/uploads\/2024\/08\/KircheKunterbunt_Logo_hp_2.png' alt='Kirche Kunterbunt'\/>\n\t\t\n\t\t\n\t<\/div>\n\t<div class=\"em-item-info\">\n\t\t<h3 class=\"em-item-title\"><a href=\"https:\/\/familientreff-sg.ch\/?event=kirche-kunterbunt-7\">Kirche Kunterbunt<\/a><\/h3>\n\t\t\n\t\t<div class=\"em-event-meta em-item-meta\">\n\t\t\t<div class=\"em-item-meta-line em-event-date em-event-meta-datetime\">\n\t\t\t\t<span class=\"em-icon-calendar em-icon\"><\/span>\n\t\t\t\t23. August 2026&nbsp;&nbsp;&nbsp;&nbsp;\n\t\t\t<\/div>\n\t\t\t<div class=\"em-item-meta-line em-event-time em-event-meta-datetime\">\n\t\t\t\t<span class=\"em-icon-clock em-icon\"><\/span>\n\t\t\t\t09:30 - 13:30\n\t\t\t<\/div>\n\t\t\t\n\t\t\t\n\t\t\t<div class=\"em-item-meta-line em-event-location\">\n\t\t\t\t<span class=\"em-icon-location em-icon\"><\/span>\n\t\t\t\t<a href=\"https:\/\/familientreff-sg.ch\/?location=domzentrum-st-gallen\">DomZentrum St.Gallen<\/a>\n\t\t\t<\/div>\n\t\t\t\n\t\t\t\n\t\t\t\n\t\t\t\n\t\t<\/div>\n\t\t<div class=\"em-item-desc\">\n\t\t\tf\u00fcr Eltern und ihre Kinder, oder Familienmitglieder flexible Startzeit zwischen &nbsp;9.30 und 10 Uhr Ende um ca.13.30 Uhr Treffpunkt: Pfarreiheim Dom, Gallusstrasse 34, St.Gallen Empfohlen [...]\n\t\t<\/div>\n\t\t<div class=\"em-item-actions input\">\n\t\t\t<a class=\"em-item-read-more button\" href=\"https:\/\/familientreff-sg.ch\/?event=kirche-kunterbunt-7\">Weitere Informationen<\/a>\n\t\t\t\n\t\t<\/div>\n\t<\/div>\n<\/div><h2>September 2026<\/h2><div class=\"em-event em-item \" style=\"--default-border:#_CATEGORYCOLOR;\">\n\t<div class=\"em-item-image \">\n\t\t\n\t\t<img src='https:\/\/familientreff-sg.ch\/wp-content\/uploads\/2024\/08\/KircheKunterbunt_Logo_hp_2.png' alt='Kirche Kunterbunt'\/>\n\t\t\n\t\t\n\t<\/div>\n\t<div class=\"em-item-info\">\n\t\t<h3 class=\"em-item-title\"><a href=\"https:\/\/familientreff-sg.ch\/?event=kirche-kunterbunt-2\">Kirche Kunterbunt<\/a><\/h3>\n\t\t\n\t\t<div class=\"em-event-meta em-item-meta\">\n\t\t\t<div class=\"em-item-meta-line em-event-date em-event-meta-datetime\">\n\t\t\t\t<span class=\"em-icon-calendar em-icon\"><\/span>\n\t\t\t\t20. September 2026&nbsp;&nbsp;&nbsp;&nbsp;\n\t\t\t<\/div>\n\t\t\t<div class=\"em-item-meta-line em-event-time em-event-meta-datetime\">\n\t\t\t\t<span class=\"em-icon-clock em-icon\"><\/span>\n\t\t\t\t09:00 - 13:30\n\t\t\t<\/div>\n\t\t\t\n\t\t\t\n\t\t\t<div class=\"em-item-meta-line em-event-location\">\n\t\t\t\t<span class=\"em-icon-location em-icon\"><\/span>\n\t\t\t\t<a href=\"https:\/\/familientreff-sg.ch\/?location=domzentrum-st-gallen\">DomZentrum St.Gallen<\/a>\n\t\t\t<\/div>\n\t\t\t\n\t\t\t\n\t\t\t\n\t\t\t\n\t\t<\/div>\n\t\t<div class=\"em-item-desc\">\n\t\t\tf\u00fcr Eltern und ihre Kinder, oder Familienmitglieder flexible Startzeit zwischen &nbsp;9.30 und 10 Uhr Ende um ca.13.30 Uhr Treffpunkt: Pfarreiheim Dom, Gallusstrasse 34, St.Gallen Empfohlen [...]\n\t\t<\/div>\n\t\t<div class=\"em-item-actions input\">\n\t\t\t<a class=\"em-item-read-more button\" href=\"https:\/\/familientreff-sg.ch\/?event=kirche-kunterbunt-2\">Weitere Informationen<\/a>\n\t\t\t\n\t\t<\/div>\n\t<\/div>\n<\/div><h2>Oktober 2026<\/h2><div class=\"em-event em-item \" style=\"--default-border:#_CATEGORYCOLOR;\">\n\t<div class=\"em-item-image \">\n\t\t\n\t\t<img src='https:\/\/familientreff-sg.ch\/wp-content\/uploads\/2024\/08\/KircheKunterbunt_Logo_hp_2.png' alt='Kirche Kunterbunt'\/>\n\t\t\n\t\t\n\t<\/div>\n\t<div class=\"em-item-info\">\n\t\t<h3 class=\"em-item-title\"><a href=\"https:\/\/familientreff-sg.ch\/?event=kirche-kunterbunt\">Kirche Kunterbunt<\/a><\/h3>\n\t\t\n\t\t<div class=\"em-event-meta em-item-meta\">\n\t\t\t<div class=\"em-item-meta-line em-event-date em-event-meta-datetime\">\n\t\t\t\t<span class=\"em-icon-calendar em-icon\"><\/span>\n\t\t\t\t25. Oktober 2026&nbsp;&nbsp;&nbsp;&nbsp;\n\t\t\t<\/div>\n\t\t\t<div class=\"em-item-meta-line em-event-time em-event-meta-datetime\">\n\t\t\t\t<span class=\"em-icon-clock em-icon\"><\/span>\n\t\t\t\t09:00 - 13:30\n\t\t\t<\/div>\n\t\t\t\n\t\t\t\n\t\t\t<div class=\"em-item-meta-line em-event-location\">\n\t\t\t\t<span class=\"em-icon-location em-icon\"><\/span>\n\t\t\t\t<a href=\"https:\/\/familientreff-sg.ch\/?location=domzentrum-st-gallen\">DomZentrum St.Gallen<\/a>\n\t\t\t<\/div>\n\t\t\t\n\t\t\t\n\t\t\t\n\t\t\t\n\t\t<\/div>\n\t\t<div class=\"em-item-desc\">\n\t\t\tf\u00fcr Eltern und ihre Kinder, oder Familienmitglieder flexible Startzeit zwischen &nbsp;9.30 und 10 Uhr Ende um ca.13.30 Uhr Treffpunkt: Pfarreiheim Dom, Gallusstrasse 34, St.Gallen Empfohlen [...]\n\t\t<\/div>\n\t\t<div class=\"em-item-actions input\">\n\t\t\t<a class=\"em-item-read-more button\" href=\"https:\/\/familientreff-sg.ch\/?event=kirche-kunterbunt\">Weitere Informationen<\/a>\n\t\t\t\n\t\t<\/div>\n\t<\/div>\n<\/div><h2>Dezember 2026<\/h2><div class=\"em-event em-item \" style=\"--default-border:#_CATEGORYCOLOR;\">\n\t<div class=\"em-item-image \">\n\t\t\n\t\t<img src='https:\/\/familientreff-sg.ch\/wp-content\/uploads\/2024\/08\/KircheKunterbunt_Logo_hp_2.png' alt='Kirche Kunterbunt'\/>\n\t\t\n\t\t\n\t<\/div>\n\t<div class=\"em-item-info\">\n\t\t<h3 class=\"em-item-title\"><a href=\"https:\/\/familientreff-sg.ch\/?event=kirche-kunterbunt-8\">Kirche Kunterbunt<\/a><\/h3>\n\t\t\n\t\t<div class=\"em-event-meta em-item-meta\">\n\t\t\t<div class=\"em-item-meta-line em-event-date em-event-meta-datetime\">\n\t\t\t\t<span class=\"em-icon-calendar em-icon\"><\/span>\n\t\t\t\t6. Dezember 2026&nbsp;&nbsp;&nbsp;&nbsp;\n\t\t\t<\/div>\n\t\t\t<div class=\"em-item-meta-line em-event-time em-event-meta-datetime\">\n\t\t\t\t<span class=\"em-icon-clock em-icon\"><\/span>\n\t\t\t\t09:00 - 13:30\n\t\t\t<\/div>\n\t\t\t\n\t\t\t\n\t\t\t<div class=\"em-item-meta-line em-event-location\">\n\t\t\t\t<span class=\"em-icon-location em-icon\"><\/span>\n\t\t\t\t<a href=\"https:\/\/familientreff-sg.ch\/?location=domzentrum-st-gallen\">DomZentrum St.Gallen<\/a>\n\t\t\t<\/div>\n\t\t\t\n\t\t\t\n\t\t\t\n\t\t\t\n\t\t<\/div>\n\t\t<div class=\"em-item-desc\">\n\t\t\tf\u00fcr Eltern und ihre Kinder, oder Familienmitglieder flexible Startzeit zwischen &nbsp;9.30 und 10 Uhr Ende um ca.13.30 Uhr Treffpunkt: Pfarreiheim Dom, Gallusstrasse 34, St.Gallen Empfohlen [...]\n\t\t<\/div>\n\t\t<div class=\"em-item-actions input\">\n\t\t\t<a class=\"em-item-read-more button\" href=\"https:\/\/familientreff-sg.ch\/?event=kirche-kunterbunt-8\">Weitere Informationen<\/a>\n\t\t\t\n\t\t<\/div>\n\t<\/div>\n<\/div>\t<\/div>\r\n<\/div>\n","protected":false},"excerpt":{"rendered":"","protected":false},"author":1,"featured_media":0,"parent":0,"menu_order":0,"comment_status":"closed","ping_status":"closed","template":"","meta":{"ngg_post_thumbnail":0,"footnotes":""},"class_list":["post-291","page","type-page","status-publish","hentry"],"_links":{"self":[{"href":"https:\/\/familientreff-sg.ch\/index.php?rest_route=\/wp\/v2\/pages\/291","targetHints":{"allow":["GET"]}}],"collection":[{"href":"https:\/\/familientreff-sg.ch\/index.php?rest_route=\/wp\/v2\/pages"}],"about":[{"href":"https:\/\/familientreff-sg.ch\/index.php?rest_route=\/wp\/v2\/types\/page"}],"author":[{"embeddable":true,"href":"https:\/\/familientreff-sg.ch\/index.php?rest_route=\/wp\/v2\/users\/1"}],"replies":[{"embeddable":true,"href":"https:\/\/familientreff-sg.ch\/index.php?rest_route=%2Fwp%2Fv2%2Fcomments&post=291"}],"version-history":[{"count":44,"href":"https:\/\/familientreff-sg.ch\/index.php?rest_route=\/wp\/v2\/pages\/291\/revisions"}],"predecessor-version":[{"id":8242,"href":"https:\/\/familientreff-sg.ch\/index.php?rest_route=\/wp\/v2\/pages\/291\/revisions\/8242"}],"wp:attachment":[{"href":"https:\/\/familientreff-sg.ch\/index.php?rest_route=%2Fwp%2Fv2%2Fmedia&parent=291"}],"curies":[{"name":"wp","href":"https:\/\/api.w.org\/{rel}","templated":true}]}}